{"id":9088,"date":"2021-03-11T11:04:22","date_gmt":"2021-03-11T10:04:22","guid":{"rendered":"https:\/\/collection-t.com\/journal\/?post_type=recettes&#038;p=9088"},"modified":"2021-03-11T11:09:35","modified_gmt":"2021-03-11T10:09:35","slug":"recette-du-mois-de-fevrier-la-pavlova-gourmande-aux-poires","status":"publish","type":"recettes","link":"https:\/\/collection-t.com\/journal\/recettes\/recette-du-mois-de-fevrier-la-pavlova-gourmande-aux-poires\/","title":{"rendered":"RECETTE DU MOIS DE F\u00c9VRIER : LA PAVLOVA GOURMANDE AUX POIRES !"},"content":{"rendered":"<section class=\"l-section wpb_row height_large\"><div class=\"l-section-h i-cf\"><div class=\"g-cols vc_row via_flex valign_top type_default stacking_default\"><div class=\"vc_col-sm-12 wpb_column vc_column_container\"><div class=\"vc_column-inner\"><div class=\"wpb_wrapper\"><div class=\"w-separator size_small\"><\/div><div class=\"w-image has_ratio align_center\"><div class=\"w-image-h\"><div style=\"padding-bottom:56.25%\"><\/div><img width=\"750\" height=\"1004\" src=\"https:\/\/collection-t.com\/journal\/wp-content\/uploads\/2021\/03\/IMG_6200.jpeg\" class=\"attachment-large size-large\" alt=\"\" srcset=\"https:\/\/collection-t.com\/journal\/wp-content\/uploads\/2021\/03\/IMG_6200.jpeg 750w, https:\/\/collection-t.com\/journal\/wp-content\/uploads\/2021\/03\/IMG_6200-224x300.jpeg 224w, https:\/\/collection-t.com\/journal\/wp-content\/uploads\/2021\/03\/IMG_6200-299x400.jpeg 299w, https:\/\/collection-t.com\/journal\/wp-content\/uploads\/2021\/03\/IMG_6200-60x80.jpeg 60w, https:\/\/collection-t.com\/journal\/wp-content\/uploads\/2021\/03\/IMG_6200-75x100.jpeg 75w, https:\/\/collection-t.com\/journal\/wp-content\/uploads\/2021\/03\/IMG_6200-90x120.jpeg 90w, https:\/\/collection-t.com\/journal\/wp-content\/uploads\/2021\/03\/IMG_6200-180x241.jpeg 180w, https:\/\/collection-t.com\/journal\/wp-content\/uploads\/2021\/03\/IMG_6200-150x201.jpeg 150w, https:\/\/collection-t.com\/journal\/wp-content\/uploads\/2021\/03\/IMG_6200-411x550.jpeg 411w, https:\/\/collection-t.com\/journal\/wp-content\/uploads\/2021\/03\/IMG_6200-448x600.jpeg 448w, https:\/\/collection-t.com\/journal\/wp-content\/uploads\/2021\/03\/IMG_6200-374x500.jpeg 374w, https:\/\/collection-t.com\/journal\/wp-content\/uploads\/2021\/03\/IMG_6200-149x200.jpeg 149w, https:\/\/collection-t.com\/journal\/wp-content\/uploads\/2021\/03\/IMG_6200-112x150.jpeg 112w\" sizes=\"(max-width: 750px) 100vw, 750px\" \/><\/div><\/div><div class=\"w-separator size_medium\"><\/div><div class=\"wpb_text_column\"><div class=\"wpb_wrapper\"><h1 class=\"recettedumois\">Les ingr\u00e9dients et la pr\u00e9paration<\/h1>\n<p>Meringue :<\/p>\n<p>-4 blancs d&rsquo;oeufs<br \/>\n-1 c. \u00e0 caf\u00e9 de jus de citron ou vinaigre de cidre<br \/>\n-220g de sucre<\/p>\n<p>&#8211; Pr\u00e9chauffer four a 170\u00b0<\/p>\n<p>&#8211; Fouetter blancs en neige (batteur \u00e9lectrique) puis avant qu&rsquo;ils soient fermes ajouter le sucre petit \u00e0 petit en battant pendant 5 min jusqu&rsquo;a avoir une meringue bien lisse, ferme et brillante. Ajouter citron ou vinaigre.<\/p>\n<p>&#8211; D\u00e9poser sur une plaque de cuisson pr\u00e9alablement recouvert de papier sulfuris\u00e9 en r\u00e9alisant une forme de nid (soit une gros nid soit 4 petits nids).<\/p>\n<p>&#8211; Abaisser le four a 110\u00b0 de enfourner pendant 1h-1h30. En fin de cuisson \u00e9teindre le four et laisser la meringue dedans four entrouvert.<\/p>\n<p>&nbsp;<\/p>\n<p>Cr\u00e8me chantilly :<\/p>\n<p>-400ml de cr\u00e8me liquide enti\u00e8re<br \/>\n-150-200g de mascarpone (\u00e0 votre convenance)<br \/>\n-50g-100g de sucre glace<\/p>\n<p>-1 \u00e0 2 cuill\u00e8re \u00e0 caf\u00e9 de th\u00e9 Belle Romance tr\u00e9s infus\u00e9 (20g de th\u00e9 dans 20 cl d&rsquo;eau pendant 9 min)<\/p>\n<p>&#8211; Mettre le bol, les fouets d&rsquo;un batteur \u00e9lectrique et la cr\u00e8me au cong\u00e9lateur pendant 10 min (mascarpone au frigo). Sortir et monter la cr\u00e8me en chantilly \u00e0 l&rsquo;aide d&rsquo;un batteur \u00e9lectrique. Quand elle est assez ferme ajouter le mascarpone et le sucre glace \u00e0 votre convenance (goutez !).<\/p>\n<p>&#8211; Puis le th\u00e9 tr\u00e8s infus\u00e9 pour parfumer votre cr\u00e8me chantilly.<\/p>\n<p>&nbsp;<\/p>\n<p>Poires roties :<\/p>\n<p>-4 \u00e0 5 grosses poires<br \/>\n-cardamone<br \/>\n-30g de beurre<\/p>\n<p>&#8211; Eplucher et couper les poires en fines lamelles ou morceaux.<\/p>\n<p>&#8211; Faire revenir les poires dans une po\u00e8le dans un peu de beurre et de cardamone jusqu&rsquo;\u00e0 coloration.<\/p>\n<p>&nbsp;<\/p>\n<p>Montage :<\/p>\n<p>&#8211; D\u00e9poser la meringue sur un plat, remplir le creux du nid de chantilly puis recouvrez des poires r\u00f4ties.<\/p>\n<p>&nbsp;<\/p>\n<h1 class=\"recettedumois\">L&rsquo;astuce Collection T.<\/h1>\n<p>Pour les parisiens et parisiennes, n&rsquo;h\u00e9sitez \u00e0 aller d\u00e9guster cette Pavlova au Sept Cinq Ch\u00e2telet et dites bravo \u00e0 Pauline pour cette super recette.<\/p>\n<\/div><\/div><div class=\"w-separator size_medium\"><\/div>[vc_custom_heading text=\u00a0\u00bbPRODUITS ASSOCI\u00c9S\u00a0\u00bb font_container=\u00a0\u00bbtag:h1|text_align:center\u00a0\u00bb use_theme_fonts=\u00a0\u00bbyes\u00a0\u00bb]<div class=\"w-grid type_carousel layout_gallery_with_titles_below cols_4\" id=\"us_grid_1\"><style>#us_grid_1 .w-grid-item{padding:1.5rem}#us_grid_1 .w-grid-list{margin:-1.5rem}.w-grid + #us_grid_1 .w-grid-list,.w-grid-none + #us_grid_1 .w-grid-list{margin-top:1.5rem}.layout_gallery_with_titles_below .w-grid-item-h{}.layout_gallery_with_titles_below .usg_vwrapper_1{padding:0.5rem 1rem 1rem 1rem!important}.layout_gallery_with_titles_below .usg_post_title_1{font-size:0.8rem!important;line-height:1.6!important;margin-bottom:0!important}.layout_gallery_with_titles_below .usg_post_custom_field_1{font-size:0.8rem!important;line-height:1.6!important;margin-bottom:0!important}.layout_gallery_with_titles_below .usg_post_content_1{font-size:0.8rem!important;line-height:1.6!important;margin-bottom:0!important}.layout_gallery_with_titles_below .usg_post_content_2{color:var(--color-content-faded)!important;font-size:0.8rem!important;line-height:1.6!important;margin-top:0.2rem!important;margin-bottom:0.2rem!important}<\/style><div class=\"w-grid-list owl-carousel navstyle_circle navpos_outside with_dots\">\t<article class=\"w-grid-item custom-link post-9094 us_portfolio type-us_portfolio status-publish has-post-thumbnail hentry\" data-id=\"9094\">\r\n\t\t<div class=\"w-grid-item-h\">\r\n\t\t\t\t\t\t\t<a class=\"w-grid-item-anchor\" href=\"https:\/\/collection-t.com\/thes-verts\/197-13528-the-vert-parfume-bio-belle-romance.html\" aria-label=\"BELLE ROMANCE BIO Th\u00e9 vert &#8211; Fraise, raisin, p\u00eache, litchi, fleurs\"><\/a>\r\n\t\t\t\t\t\t<div class=\"w-post-elm post_image usg_post_image_1 has_ratio\"><div style=\"padding-bottom:100%\"><\/div><img width=\"800\" height=\"800\" src=\"https:\/\/collection-t.com\/journal\/wp-content\/uploads\/2021\/03\/the-vert-parfume-bio-belle-romance.jpg\" class=\"attachment-large size-large wp-post-image\" alt=\"\" loading=\"lazy\" srcset=\"https:\/\/collection-t.com\/journal\/wp-content\/uploads\/2021\/03\/the-vert-parfume-bio-belle-romance.jpg 800w, https:\/\/collection-t.com\/journal\/wp-content\/uploads\/2021\/03\/the-vert-parfume-bio-belle-romance-300x300.jpg 300w, https:\/\/collection-t.com\/journal\/wp-content\/uploads\/2021\/03\/the-vert-parfume-bio-belle-romance-150x150.jpg 150w, https:\/\/collection-t.com\/journal\/wp-content\/uploads\/2021\/03\/the-vert-parfume-bio-belle-romance-400x400.jpg 400w, https:\/\/collection-t.com\/journal\/wp-content\/uploads\/2021\/03\/the-vert-parfume-bio-belle-romance-80x80.jpg 80w, https:\/\/collection-t.com\/journal\/wp-content\/uploads\/2021\/03\/the-vert-parfume-bio-belle-romance-100x100.jpg 100w, https:\/\/collection-t.com\/journal\/wp-content\/uploads\/2021\/03\/the-vert-parfume-bio-belle-romance-120x120.jpg 120w, https:\/\/collection-t.com\/journal\/wp-content\/uploads\/2021\/03\/the-vert-parfume-bio-belle-romance-180x180.jpg 180w, https:\/\/collection-t.com\/journal\/wp-content\/uploads\/2021\/03\/the-vert-parfume-bio-belle-romance-550x550.jpg 550w, https:\/\/collection-t.com\/journal\/wp-content\/uploads\/2021\/03\/the-vert-parfume-bio-belle-romance-600x600.jpg 600w, https:\/\/collection-t.com\/journal\/wp-content\/uploads\/2021\/03\/the-vert-parfume-bio-belle-romance-500x500.jpg 500w, https:\/\/collection-t.com\/journal\/wp-content\/uploads\/2021\/03\/the-vert-parfume-bio-belle-romance-200x200.jpg 200w\" sizes=\"(max-width: 800px) 100vw, 800px\" \/><\/div><div class=\"w-vwrapper usg_vwrapper_1 align_center valign_top\"><div class=\"w-post-elm post_title usg_post_title_1 hide_if_not_first entry-title color_link_inherit\">BELLE ROMANCE BIO Th\u00e9 vert &#8211; Fraise, raisin, p\u00eache, litchi, fleurs<\/div><\/div>\t\t<\/div>\r\n\t<\/article>\r\n<\/div><div class=\"g-preloader type_1\">\r\n\t<div><\/div>\r\n<\/div>\r\n\t<div class=\"w-grid-json hidden\" onclick='return {&quot;action&quot;:&quot;us_ajax_grid&quot;,&quot;ajax_url&quot;:&quot;https:\\\/\\\/collection-t.com\\\/journal\\\/wp-admin\\\/admin-ajax.php&quot;,&quot;infinite_scroll&quot;:0,&quot;max_num_pages&quot;:1,&quot;pagination&quot;:&quot;none&quot;,&quot;permalink_url&quot;:&quot;https:\\\/\\\/collection-t.com\\\/journal\\\/wp-json\\\/wp\\\/v2\\\/recettes\\\/9088&quot;,&quot;template_vars&quot;:{&quot;columns&quot;:&quot;4&quot;,&quot;exclude_items&quot;:&quot;none&quot;,&quot;img_size&quot;:&quot;default&quot;,&quot;ignore_items_size&quot;:0,&quot;items_layout&quot;:&quot;gallery_with_titles_below&quot;,&quot;items_offset&quot;:&quot;1&quot;,&quot;load_animation&quot;:&quot;none&quot;,&quot;overriding_link&quot;:&quot;post&quot;,&quot;post_id&quot;:9088,&quot;query_args&quot;:{&quot;ignore_sticky_posts&quot;:1,&quot;post_type&quot;:&quot;any&quot;,&quot;post__in&quot;:[&quot;9094&quot;],&quot;posts_per_page&quot;:999},&quot;orderby_query_args&quot;:{&quot;orderby&quot;:{&quot;post__in&quot;:&quot;ASC&quot;},&quot;order&quot;:&quot;ASC&quot;},&quot;type&quot;:&quot;carousel&quot;,&quot;us_grid_ajax_index&quot;:1,&quot;us_grid_filter_params&quot;:null,&quot;us_grid_index&quot;:1,&quot;_us_grid_post_type&quot;:&quot;ids&quot;},&quot;carousel_settings&quot;:{&quot;autoHeight&quot;:0,&quot;autoplay&quot;:0,&quot;carousel_fade&quot;:0,&quot;center&quot;:0,&quot;dots&quot;:1,&quot;items&quot;:&quot;4&quot;,&quot;loop&quot;:false,&quot;nav&quot;:0,&quot;slideby&quot;:&quot;1&quot;,&quot;smooth_play&quot;:0,&quot;speed&quot;:250,&quot;timeout&quot;:3000,&quot;transition&quot;:&quot;&quot;,&quot;aria_labels&quot;:{&quot;prev&quot;:&quot;Pr\\u00e9c\\u00e9dent&quot;,&quot;next&quot;:&quot;Suivant&quot;}},&quot;carousel_breakpoints&quot;:{&quot;0&quot;:{&quot;autoHeight&quot;:0,&quot;autoplay&quot;:1,&quot;autoplayHoverPause&quot;:1,&quot;items&quot;:1,&quot;loop&quot;:true,&quot;stagePadding&quot;:0},&quot;601&quot;:{&quot;autoHeight&quot;:0,&quot;autoplay&quot;:1,&quot;autoplayHoverPause&quot;:1,&quot;items&quot;:2,&quot;loop&quot;:false,&quot;stagePadding&quot;:0},&quot;1025&quot;:{&quot;autoHeight&quot;:0,&quot;autoplay&quot;:1,&quot;autoplayHoverPause&quot;:1,&quot;items&quot;:3,&quot;loop&quot;:false,&quot;stagePadding&quot;:0},&quot;1281&quot;:{&quot;items&quot;:4,&quot;stagePadding&quot;:0}}}'><\/div>\r\n\t<\/div><\/div><\/div><\/div><\/div><\/div><\/section>\n","protected":false},"featured_media":9091,"template":"","acf":[],"yoast_head":"<!-- This site is optimized with the Yoast SEO plugin v18.5.1 - https:\/\/yoast.com\/wordpress\/plugins\/seo\/ -->\n<title>RECETTE DU MOIS DE F\u00c9VRIER : LA PAVLOVA GOURMANDE AUX POIRES ! - Collection T - Le journal<\/title>\n<meta name=\"description\" content=\"Pour les parisiens et parisiennes, n&#039;h\u00e9sitez \u00e0 aller d\u00e9guster cette Pavlova au Sept Cinq Ch\u00e2telet et dites bravo \u00e0 Pauline pour cette super recette.\" \/>\n<meta name=\"robots\" content=\"index, follow, max-snippet:-1, max-image-preview:large, max-video-preview:-1\" \/>\n<link rel=\"canonical\" href=\"https:\/\/collection-t.com\/journal\/recettes\/recette-du-mois-de-fevrier-la-pavlova-gourmande-aux-poires\/\" \/>\n<meta property=\"og:locale\" content=\"fr_FR\" \/>\n<meta property=\"og:type\" content=\"article\" \/>\n<meta property=\"og:title\" content=\"RECETTE DU MOIS DE F\u00c9VRIER : LA PAVLOVA GOURMANDE AUX POIRES ! - Collection T - Le journal\" \/>\n<meta property=\"og:description\" content=\"Pour les parisiens et parisiennes, n&#039;h\u00e9sitez \u00e0 aller d\u00e9guster cette Pavlova au Sept Cinq Ch\u00e2telet et dites bravo \u00e0 Pauline pour cette super recette.\" \/>\n<meta property=\"og:url\" content=\"https:\/\/collection-t.com\/journal\/recettes\/recette-du-mois-de-fevrier-la-pavlova-gourmande-aux-poires\/\" \/>\n<meta property=\"og:site_name\" content=\"Collection T - Le journal\" \/>\n<meta property=\"article:modified_time\" content=\"2021-03-11T10:09:35+00:00\" \/>\n<meta property=\"og:image\" content=\"https:\/\/collection-t.com\/journal\/wp-content\/uploads\/2021\/03\/IMG_6200.jpeg\" \/>\n\t<meta property=\"og:image:width\" content=\"750\" \/>\n\t<meta property=\"og:image:height\" content=\"1004\" \/>\n\t<meta property=\"og:image:type\" content=\"image\/jpeg\" \/>\n<meta name=\"twitter:card\" content=\"summary_large_image\" \/>\n<meta name=\"twitter:label1\" content=\"Dur\u00e9e de lecture estim\u00e9e\" \/>\n\t<meta name=\"twitter:data1\" content=\"2 minutes\" \/>\n<script type=\"application\/ld+json\" class=\"yoast-schema-graph\">{\"@context\":\"https:\/\/schema.org\",\"@graph\":[{\"@type\":\"Organization\",\"@id\":\"https:\/\/collection-t.com\/journal\/#organization\",\"name\":\"Collection T\",\"url\":\"https:\/\/collection-t.com\/journal\/\",\"sameAs\":[],\"logo\":{\"@type\":\"ImageObject\",\"@id\":\"https:\/\/collection-t.com\/journal\/#logo\",\"inLanguage\":\"fr-FR\",\"url\":\"https:\/\/collection-t.com\/journal\/wp-content\/uploads\/2021\/02\/logo.png\",\"contentUrl\":\"https:\/\/collection-t.com\/journal\/wp-content\/uploads\/2021\/02\/logo.png\",\"width\":650,\"height\":632,\"caption\":\"Collection T\"},\"image\":{\"@id\":\"https:\/\/collection-t.com\/journal\/#logo\"}},{\"@type\":\"WebSite\",\"@id\":\"https:\/\/collection-t.com\/journal\/#website\",\"url\":\"https:\/\/collection-t.com\/journal\/\",\"name\":\"Collection T - Le journal\",\"description\":\"\",\"publisher\":{\"@id\":\"https:\/\/collection-t.com\/journal\/#organization\"},\"potentialAction\":[{\"@type\":\"SearchAction\",\"target\":{\"@type\":\"EntryPoint\",\"urlTemplate\":\"https:\/\/collection-t.com\/journal\/?s={search_term_string}\"},\"query-input\":\"required name=search_term_string\"}],\"inLanguage\":\"fr-FR\"},{\"@type\":\"ImageObject\",\"@id\":\"https:\/\/collection-t.com\/journal\/recettes\/recette-du-mois-de-fevrier-la-pavlova-gourmande-aux-poires\/#primaryimage\",\"inLanguage\":\"fr-FR\",\"url\":\"https:\/\/collection-t.com\/journal\/wp-content\/uploads\/2021\/03\/IMG_6200.jpeg\",\"contentUrl\":\"https:\/\/collection-t.com\/journal\/wp-content\/uploads\/2021\/03\/IMG_6200.jpeg\",\"width\":750,\"height\":1004},{\"@type\":\"WebPage\",\"@id\":\"https:\/\/collection-t.com\/journal\/recettes\/recette-du-mois-de-fevrier-la-pavlova-gourmande-aux-poires\/#webpage\",\"url\":\"https:\/\/collection-t.com\/journal\/recettes\/recette-du-mois-de-fevrier-la-pavlova-gourmande-aux-poires\/\",\"name\":\"RECETTE DU MOIS DE F\u00c9VRIER : LA PAVLOVA GOURMANDE AUX POIRES ! - Collection T - Le journal\",\"isPartOf\":{\"@id\":\"https:\/\/collection-t.com\/journal\/#website\"},\"primaryImageOfPage\":{\"@id\":\"https:\/\/collection-t.com\/journal\/recettes\/recette-du-mois-de-fevrier-la-pavlova-gourmande-aux-poires\/#primaryimage\"},\"datePublished\":\"2021-03-11T10:04:22+00:00\",\"dateModified\":\"2021-03-11T10:09:35+00:00\",\"description\":\"Pour les parisiens et parisiennes, n'h\u00e9sitez \u00e0 aller d\u00e9guster cette Pavlova au Sept Cinq Ch\u00e2telet et dites bravo \u00e0 Pauline pour cette super recette.\",\"breadcrumb\":{\"@id\":\"https:\/\/collection-t.com\/journal\/recettes\/recette-du-mois-de-fevrier-la-pavlova-gourmande-aux-poires\/#breadcrumb\"},\"inLanguage\":\"fr-FR\",\"potentialAction\":[{\"@type\":\"ReadAction\",\"target\":[\"https:\/\/collection-t.com\/journal\/recettes\/recette-du-mois-de-fevrier-la-pavlova-gourmande-aux-poires\/\"]}]},{\"@type\":\"BreadcrumbList\",\"@id\":\"https:\/\/collection-t.com\/journal\/recettes\/recette-du-mois-de-fevrier-la-pavlova-gourmande-aux-poires\/#breadcrumb\",\"itemListElement\":[{\"@type\":\"ListItem\",\"position\":1,\"name\":\"Accueil\",\"item\":\"https:\/\/collection-t.com\/journal\/\"},{\"@type\":\"ListItem\",\"position\":2,\"name\":\"RECETTE DU MOIS DE F\u00c9VRIER : LA PAVLOVA GOURMANDE AUX POIRES !\"}]}]}<\/script>\n<!-- \/ Yoast SEO plugin. -->","yoast_head_json":{"title":"RECETTE DU MOIS DE F\u00c9VRIER : LA PAVLOVA GOURMANDE AUX POIRES ! - Collection T - Le journal","description":"Pour les parisiens et parisiennes, n'h\u00e9sitez \u00e0 aller d\u00e9guster cette Pavlova au Sept Cinq Ch\u00e2telet et dites bravo \u00e0 Pauline pour cette super recette.","robots":{"index":"index","follow":"follow","max-snippet":"max-snippet:-1","max-image-preview":"max-image-preview:large","max-video-preview":"max-video-preview:-1"},"canonical":"https:\/\/collection-t.com\/journal\/recettes\/recette-du-mois-de-fevrier-la-pavlova-gourmande-aux-poires\/","og_locale":"fr_FR","og_type":"article","og_title":"RECETTE DU MOIS DE F\u00c9VRIER : LA PAVLOVA GOURMANDE AUX POIRES ! - Collection T - Le journal","og_description":"Pour les parisiens et parisiennes, n'h\u00e9sitez \u00e0 aller d\u00e9guster cette Pavlova au Sept Cinq Ch\u00e2telet et dites bravo \u00e0 Pauline pour cette super recette.","og_url":"https:\/\/collection-t.com\/journal\/recettes\/recette-du-mois-de-fevrier-la-pavlova-gourmande-aux-poires\/","og_site_name":"Collection T - Le journal","article_modified_time":"2021-03-11T10:09:35+00:00","og_image":[{"width":750,"height":1004,"url":"https:\/\/collection-t.com\/journal\/wp-content\/uploads\/2021\/03\/IMG_6200.jpeg","type":"image\/jpeg"}],"twitter_card":"summary_large_image","twitter_misc":{"Dur\u00e9e de lecture estim\u00e9e":"2 minutes"},"schema":{"@context":"https:\/\/schema.org","@graph":[{"@type":"Organization","@id":"https:\/\/collection-t.com\/journal\/#organization","name":"Collection T","url":"https:\/\/collection-t.com\/journal\/","sameAs":[],"logo":{"@type":"ImageObject","@id":"https:\/\/collection-t.com\/journal\/#logo","inLanguage":"fr-FR","url":"https:\/\/collection-t.com\/journal\/wp-content\/uploads\/2021\/02\/logo.png","contentUrl":"https:\/\/collection-t.com\/journal\/wp-content\/uploads\/2021\/02\/logo.png","width":650,"height":632,"caption":"Collection T"},"image":{"@id":"https:\/\/collection-t.com\/journal\/#logo"}},{"@type":"WebSite","@id":"https:\/\/collection-t.com\/journal\/#website","url":"https:\/\/collection-t.com\/journal\/","name":"Collection T - Le journal","description":"","publisher":{"@id":"https:\/\/collection-t.com\/journal\/#organization"},"potentialAction":[{"@type":"SearchAction","target":{"@type":"EntryPoint","urlTemplate":"https:\/\/collection-t.com\/journal\/?s={search_term_string}"},"query-input":"required name=search_term_string"}],"inLanguage":"fr-FR"},{"@type":"ImageObject","@id":"https:\/\/collection-t.com\/journal\/recettes\/recette-du-mois-de-fevrier-la-pavlova-gourmande-aux-poires\/#primaryimage","inLanguage":"fr-FR","url":"https:\/\/collection-t.com\/journal\/wp-content\/uploads\/2021\/03\/IMG_6200.jpeg","contentUrl":"https:\/\/collection-t.com\/journal\/wp-content\/uploads\/2021\/03\/IMG_6200.jpeg","width":750,"height":1004},{"@type":"WebPage","@id":"https:\/\/collection-t.com\/journal\/recettes\/recette-du-mois-de-fevrier-la-pavlova-gourmande-aux-poires\/#webpage","url":"https:\/\/collection-t.com\/journal\/recettes\/recette-du-mois-de-fevrier-la-pavlova-gourmande-aux-poires\/","name":"RECETTE DU MOIS DE F\u00c9VRIER : LA PAVLOVA GOURMANDE AUX POIRES ! - Collection T - Le journal","isPartOf":{"@id":"https:\/\/collection-t.com\/journal\/#website"},"primaryImageOfPage":{"@id":"https:\/\/collection-t.com\/journal\/recettes\/recette-du-mois-de-fevrier-la-pavlova-gourmande-aux-poires\/#primaryimage"},"datePublished":"2021-03-11T10:04:22+00:00","dateModified":"2021-03-11T10:09:35+00:00","description":"Pour les parisiens et parisiennes, n'h\u00e9sitez \u00e0 aller d\u00e9guster cette Pavlova au Sept Cinq Ch\u00e2telet et dites bravo \u00e0 Pauline pour cette super recette.","breadcrumb":{"@id":"https:\/\/collection-t.com\/journal\/recettes\/recette-du-mois-de-fevrier-la-pavlova-gourmande-aux-poires\/#breadcrumb"},"inLanguage":"fr-FR","potentialAction":[{"@type":"ReadAction","target":["https:\/\/collection-t.com\/journal\/recettes\/recette-du-mois-de-fevrier-la-pavlova-gourmande-aux-poires\/"]}]},{"@type":"BreadcrumbList","@id":"https:\/\/collection-t.com\/journal\/recettes\/recette-du-mois-de-fevrier-la-pavlova-gourmande-aux-poires\/#breadcrumb","itemListElement":[{"@type":"ListItem","position":1,"name":"Accueil","item":"https:\/\/collection-t.com\/journal\/"},{"@type":"ListItem","position":2,"name":"RECETTE DU MOIS DE F\u00c9VRIER : LA PAVLOVA GOURMANDE AUX POIRES !"}]}]}},"_links":{"self":[{"href":"https:\/\/collection-t.com\/journal\/wp-json\/wp\/v2\/recettes\/9088"}],"collection":[{"href":"https:\/\/collection-t.com\/journal\/wp-json\/wp\/v2\/recettes"}],"about":[{"href":"https:\/\/collection-t.com\/journal\/wp-json\/wp\/v2\/types\/recettes"}],"wp:featuredmedia":[{"embeddable":true,"href":"https:\/\/collection-t.com\/journal\/wp-json\/wp\/v2\/media\/9091"}],"wp:attachment":[{"href":"https:\/\/collection-t.com\/journal\/wp-json\/wp\/v2\/media?parent=9088"}],"curies":[{"name":"wp","href":"https:\/\/api.w.org\/{rel}","templated":true}]}}